{"id":13487,"date":"2025-05-05T08:49:28","date_gmt":"2025-05-05T06:49:28","guid":{"rendered":"https:\/\/ptm-mechatronics.com\/?page_id=13487"},"modified":"2025-05-05T08:50:50","modified_gmt":"2025-05-05T06:50:50","slug":"youtube-datenschutzerklaerung-impressum","status":"publish","type":"page","link":"https:\/\/ptm-mechatronics.com\/pt\/youtube-datenschutzerklaerung-impressum\/","title":{"rendered":"Youtube Datenschutzerklaerung Impressum"},"content":{"rendered":"<div>\n<h1>Impress\u00e3o<\/h1>\n<p>PTM mechatronics GmbH<br \/>\nParque industrial 1<br \/>\n82281 Egenhofen<br \/>\nAlemanha<\/p>\n<p>Telefone: 08134257970<br \/>\nCorreio eletr\u00f3nico: info@ptm-mechatronics.com<\/p>\n<p>Tribunal de registo: tribunal local de Munique<br \/>\nN\u00famero de registo: HRB 84593<\/p>\n<p>Diretor-geral: Carsten Angermeyer<\/p>\n<\/div>\n<div id=\"itkanzlei_txt_copyright\">\n<div>\n<div>\n<h1>Informa\u00e7\u00f5es sobre a prote\u00e7\u00e3o de dados<\/h1>\n<h2>1) Informa\u00e7\u00f5es sobre a recolha de dados pessoais e dados de contacto do respons\u00e1vel pelo tratamento<\/h2>\n<p><b>1.1<\/b>\u00a0De seguida, informamo-lo sobre o tratamento dos seus dados pessoais. Os dados pessoais s\u00e3o todos os dados com os quais o utilizador pode ser identificado pessoalmente.<\/p>\n<p>Verifique cuidadosamente quais os dados pessoais que partilha connosco atrav\u00e9s do YouTube. Chamamos expressamente a aten\u00e7\u00e3o para o facto de o YouTube armazenar os dados dos seus utilizadores (por exemplo, informa\u00e7\u00f5es pessoais, endere\u00e7o IP, etc.) e poder tamb\u00e9m utiliz\u00e1-los para fins comerciais.<\/p>\n<p>N\u00e3o temos qualquer influ\u00eancia na recolha de dados e no seu posterior processamento pelo YouTube. Al\u00e9m disso, n\u00e3o \u00e9 claro para n\u00f3s em que medida, onde e durante quanto tempo os dados s\u00e3o armazenados, em que medida o YouTube cumpre as obriga\u00e7\u00f5es de elimina\u00e7\u00e3o existentes, que avalia\u00e7\u00f5es e liga\u00e7\u00f5es s\u00e3o feitas com os dados e a quem os dados s\u00e3o transmitidos. Se pretender impedir o YouTube de processar os dados pessoais que nos transmitiu, contacte-nos por outros meios. Pode encontrar os nossos dados de contacto completos no nosso aviso legal sobre o YouTube.<\/p>\n<p><b>1.2<\/b>\u00a0A PTM mechatronics GmbH, Gewerbepark 1, 82281 Egenhofen, Alemanha, telefone: 08134257970, e-mail: info@ptm-mechatronics.com, \u00e9 respons\u00e1vel pelo processamento de dados na ace\u00e7\u00e3o do Regulamento Geral de Prote\u00e7\u00e3o de Dados (RGPD), na medida em que processamos exclusivamente n\u00f3s pr\u00f3prios os dados que nos transmite atrav\u00e9s do YouTube.<\/p>\n<p>Na medida em que os dados que nos transmite atrav\u00e9s do YouTube s\u00e3o tamb\u00e9m ou exclusivamente processados pelo YouTube, a Google Ireland Limited, Gordon House, 4 Barrow St, Dublin, D04 E5W5, Irlanda, \u00e9 tamb\u00e9m respons\u00e1vel pelo processamento de dados na ace\u00e7\u00e3o do Regulamento Geral sobre a Prote\u00e7\u00e3o de Dados (RGPD).<\/p>\n<p>Para mais informa\u00e7\u00f5es sobre o processamento de dados pela Google Ireland Limited, consultar a pol\u00edtica de privacidade da Google Ireland Limited em <a href=\"https:\/\/policies.google.com\/privacy?hl=de&amp;gl=de\" target=\"_blank\" rel=\"noopener\">https:\/\/policies.google.com<wbr \/>\/privacidade<wbr \/>?hl=pt<wbr \/>&amp;gl=pt<\/a>. Esta pol\u00edtica de privacidade aplica-se a todos os servi\u00e7os oferecidos pela Google Ireland Limited e pelas suas empresas afiliadas, incluindo o YouTube. Ao utilizar o YouTube, os dados pessoais podem tamb\u00e9m ser transmitidos para os servidores da Google LLC. nos EUA.<\/p>\n<p>Para as transfer\u00eancias de dados para os EUA, o fornecedor subscreveu o Quadro de Privacidade de Dados UE-EUA, que garante a conformidade com o n\u00edvel europeu de prote\u00e7\u00e3o de dados com base numa decis\u00e3o de adequa\u00e7\u00e3o da Comiss\u00e3o Europeia.<\/p>\n<p>O respons\u00e1vel pelo tratamento dos dados pessoais \u00e9 a pessoa singular ou colectiva que, individualmente ou em conjunto com outras, determina as finalidades e os meios de tratamento dos dados pessoais.<\/p>\n<h2>2) Respons\u00e1vel pela prote\u00e7\u00e3o de dados<\/h2>\n<p>Pode contactar o nosso respons\u00e1vel pela prote\u00e7\u00e3o de dados da seguinte forma \u201eSarah Angermeyer, Gewerbepark 1, 82281 Egenhofen, sa@ptm-mechatronics.com\u201c<\/p>\n<h2>3) Tratamento de dados aquando do contacto<\/h2>\n<p>N\u00f3s pr\u00f3prios recolhemos dados pessoais quando nos contacta, por exemplo, atrav\u00e9s do formul\u00e1rio de contacto ou do messenger. Pode ver quais os dados que recolhemos quando nos contacta atrav\u00e9s do formul\u00e1rio de contacto no formul\u00e1rio de contacto relevante. Estes dados s\u00e3o armazenados e utilizados exclusivamente para responder ao seu pedido de informa\u00e7\u00e3o ou para entrar em contacto consigo e para a administra\u00e7\u00e3o t\u00e9cnica associada. A base legal para o processamento dos dados \u00e9 o nosso interesse leg\u00edtimo em responder ao seu pedido, de acordo com o Art. 6, par\u00e1grafo 1 lit. f do RGPD. Se o seu contacto se destinar \u00e0 celebra\u00e7\u00e3o de um contrato, a base legal adicional para o tratamento \u00e9 o Art. 6, n.\u00ba 1, al\u00ednea b) do RGPD. Os seus dados ser\u00e3o eliminados ap\u00f3s o processamento final do seu pedido de informa\u00e7\u00e3o, desde que n\u00e3o existam obriga\u00e7\u00f5es legais de reten\u00e7\u00e3o em contr\u00e1rio. Consideramos que o processamento est\u00e1 conclu\u00eddo quando se pode deduzir das circunst\u00e2ncias que o assunto em quest\u00e3o foi esclarecido de forma conclusiva.<\/p>\n<h2>4) Direitos da pessoa em causa<\/h2>\n<p><b>4.1<\/b>\u00a0A legisla\u00e7\u00e3o aplic\u00e1vel em mat\u00e9ria de prote\u00e7\u00e3o de dados concede-lhe direitos abrangentes aos titulares dos dados (direitos de acesso e de interven\u00e7\u00e3o) em rela\u00e7\u00e3o ao respons\u00e1vel pelo tratamento no que diz respeito ao tratamento dos seus dados pessoais, sobre os quais o informamos a seguir:<\/p>\n<ul>\n<li>Direito \u00e0 informa\u00e7\u00e3o nos termos do art. 15\u00ba do RGPD;<\/li>\n<li>Direito de retifica\u00e7\u00e3o nos termos do art. 16\u00ba do RGPD;<\/li>\n<li>Direito ao apagamento nos termos do art. 17\u00ba do RGPD;<\/li>\n<li>Direito \u00e0 limita\u00e7\u00e3o do tratamento nos termos do art. 18\u00ba do RGPD;<\/li>\n<li>Direito \u00e0 informa\u00e7\u00e3o em conformidade com o art. 19\u00ba do RGPD;<\/li>\n<li>Direito \u00e0 portabilidade dos dados nos termos do art. 20\u00ba do RGPD;<\/li>\n<li>Direito de retirar o consentimento concedido nos termos do Art. 7 (3) do GDPR;<\/li>\n<li>Direito de apresentar uma queixa nos termos do art. 77\u00ba do RGPD.<\/li>\n<\/ul>\n<p><b>4.2<\/b>\u00a0DIREITO DE OBJEC\u00c7\u00c3O<\/p>\n<p>SE TRATARMOS OS SEUS DADOS PESSOAIS NO \u00c2MBITO DE UMA PONDERA\u00c7\u00c3O DE INTERESSES COM BASE NO NOSSO INTERESSE LEG\u00cdTIMO SUPERIOR, TEM O DIREITO DE SE OPOR A ESTE TRATAMENTO A QUALQUER MOMENTO, COM EFEITOS PARA O FUTURO, POR MOTIVOS RELACIONADOS COM A SUA SITUA\u00c7\u00c3O PARTICULAR.<\/p>\n<p>SE O UTILIZADOR EXERCER O SEU DIREITO DE OPOSI\u00c7\u00c3O, DEIXAREMOS DE TRATAR OS DADOS EM CAUSA. NO ENTANTO, RESERVAMO-NOS O DIREITO DE CONTINUAR O TRATAMENTO SE PUDERMOS DEMONSTRAR MOTIVOS LEG\u00cdTIMOS IMPERIOSOS PARA O TRATAMENTO QUE SE SOBREPONHAM AOS SEUS INTERESSES, DIREITOS E LIBERDADES FUNDAMENTAIS, OU SE O TRATAMENTO SERVIR PARA O ESTABELECIMENTO, EXERC\u00cdCIO OU DEFESA DE AC\u00c7\u00d5ES JUDICIAIS.<\/p>\n<p>SE OS SEUS DADOS PESSOAIS FOREM TRATADOS POR N\u00d3S PARA FINS DE MARKETING DIRECTO, TEM O DIREITO DE SE OPOR A QUALQUER MOMENTO AO TRATAMENTO DOS DADOS PESSOAIS QUE LHE DIGAM RESPEITO PARA EFEITOS DESSE MARKETING. PODE EXERCER A SUA OBJEC\u00c7\u00c3O DA FORMA DESCRITA ACIMA.<\/p>\n<p>SE EXERCER O SEU DIREITO DE OPOSI\u00c7\u00c3O, DEIXAREMOS DE TRATAR OS DADOS EM CAUSA PARA FINS DE COMERCIALIZA\u00c7\u00c3O DIRECTA.<\/p>\n<h2>5) Dura\u00e7\u00e3o da conserva\u00e7\u00e3o dos dados pessoais<\/h2>\n<p>A dura\u00e7\u00e3o do armazenamento de dados pessoais \u00e9 determinada pela respectiva base jur\u00eddica, pela finalidade do processamento e - se relevante - adicionalmente pelo respetivo per\u00edodo de reten\u00e7\u00e3o legal (por exemplo, per\u00edodos de reten\u00e7\u00e3o ao abrigo da legisla\u00e7\u00e3o comercial e fiscal).<\/p>\n<p>Ao processar dados pessoais com base no consentimento expresso, de acordo com o Art. 6, par\u00e1grafo 1 lit. a do RGPD, os dados em causa ser\u00e3o armazenados at\u00e9 que revogue o seu consentimento.<\/p>\n<p>Se existirem per\u00edodos de reten\u00e7\u00e3o estatut\u00e1rios para os dados que s\u00e3o processados no \u00e2mbito de obriga\u00e7\u00f5es legais ou similares com base no Art. 6, n.\u00ba 1, al\u00ednea b) do RGPD, estes dados ser\u00e3o eliminados por rotina ap\u00f3s os per\u00edodos de reten\u00e7\u00e3o terem expirado, desde que j\u00e1 n\u00e3o sejam necess\u00e1rios para o cumprimento do contrato ou para o in\u00edcio do contrato e\/ou j\u00e1 n\u00e3o tenhamos um interesse leg\u00edtimo no armazenamento posterior.<\/p>\n<p>\u00ba, n.\u00ba 1, al\u00ednea f), do RGPD, estes dados ser\u00e3o conservados at\u00e9 que exer\u00e7a o seu direito de oposi\u00e7\u00e3o, em conformidade com o artigo 21.\u00ba, n.\u00ba 1, do RGPD, exceto se pudermos demonstrar motivos leg\u00edtimos imperiosos para o tratamento que se sobreponham aos seus interesses, direitos e liberdades, ou se o tratamento servir para a declara\u00e7\u00e3o, o exerc\u00edcio ou a defesa de um direito num processo judicial.<\/p>\n<p>Ao processar dados pessoais para fins de marketing direto com base no Art. 6 para 1 lit. f do RGPD, estes dados s\u00e3o armazenados at\u00e9 que exer\u00e7a o seu direito de oposi\u00e7\u00e3o de acordo com o Art. 21 para 2 do RGPD.<\/p>\n<p>Salvo indica\u00e7\u00e3o em contr\u00e1rio nas outras informa\u00e7\u00f5es da presente declara\u00e7\u00e3o sobre situa\u00e7\u00f5es espec\u00edficas de tratamento, os dados pessoais armazenados s\u00e3o apagados quando deixam de ser necess\u00e1rios para os fins para que foram recolhidos ou tratados.<\/p>\n<\/div>\n<div id=\"itkanzlei_txt_copyright\">\n<div><a href=\"https:\/\/www.it-recht-kanzlei.de\/\" target=\"_blank\" rel=\"noopener\"><img decoding=\"async\" id=\"itkanzlei_img_copyright\" title=\"Escrit\u00f3rio de advocacia de TI\" src=\"https:\/\/www.it-recht-kanzlei.de\/logo\/Copyright-Logo_Datenschutzerklaerung.png?i=52e98-3961a-39c8-907e-1\" alt=\"\u00a9 IT-Recht Kanzlei\" \/><\/a><\/div>\n<\/div>\n<\/div>\n<\/div>","protected":false},"excerpt":{"rendered":"<p>Impressum PTM mechatronics GmbH Gewerbepark 1 82281 Egenhofen Deutschland Tel.: 08134257970 E-Mail: info@ptm-mechatronics.com Registergericht: Amtsgericht m\u00fcnchen Registernummer: HRB 84593 Gesch\u00e4ftsf\u00fchrer: Carsten Angermeyer Informationen zum Datenschutz 1) Information \u00fcber die Erhebung personenbezogener Daten und Kontaktdaten des Verantwortlichen 1.1\u00a0Im Folgenden informieren wir Sie \u00fcber den Umgang mit Ihren personenbezogenen Daten. Hierbei sind personenbezogene Daten alle Daten, mit [&#8230;]\n","protected":false},"author":5,"featured_media":0,"parent":0,"menu_order":0,"comment_status":"closed","ping_status":"closed","template":"","meta":{"_acf_changed":false,"footnotes":""},"class_list":["post-13487","page","type-page","status-publish","hentry"],"acf":[],"_links":{"self":[{"href":"https:\/\/ptm-mechatronics.com\/pt\/wp-json\/wp\/v2\/pages\/13487","targetHints":{"allow":["GET"]}}],"collection":[{"href":"https:\/\/ptm-mechatronics.com\/pt\/wp-json\/wp\/v2\/pages"}],"about":[{"href":"https:\/\/ptm-mechatronics.com\/pt\/wp-json\/wp\/v2\/types\/page"}],"author":[{"embeddable":true,"href":"https:\/\/ptm-mechatronics.com\/pt\/wp-json\/wp\/v2\/users\/5"}],"replies":[{"embeddable":true,"href":"https:\/\/ptm-mechatronics.com\/pt\/wp-json\/wp\/v2\/comments?post=13487"}],"version-history":[{"count":3,"href":"https:\/\/ptm-mechatronics.com\/pt\/wp-json\/wp\/v2\/pages\/13487\/revisions"}],"predecessor-version":[{"id":13490,"href":"https:\/\/ptm-mechatronics.com\/pt\/wp-json\/wp\/v2\/pages\/13487\/revisions\/13490"}],"wp:attachment":[{"href":"https:\/\/ptm-mechatronics.com\/pt\/wp-json\/wp\/v2\/media?parent=13487"}],"curies":[{"name":"wp","href":"https:\/\/api.w.org\/{rel}","templated":true}]}}