{"id":13487,"date":"2025-05-05T08:49:28","date_gmt":"2025-05-05T06:49:28","guid":{"rendered":"https:\/\/ptm-mechatronics.com\/?page_id=13487"},"modified":"2025-05-05T08:50:50","modified_gmt":"2025-05-05T06:50:50","slug":"youtube-datenschutzerklaerung-impressum","status":"publish","type":"page","link":"https:\/\/ptm-mechatronics.com\/pl\/youtube-datenschutzerklaerung-impressum\/","title":{"rendered":"Youtube Datenschutzerklaerung Impressum"},"content":{"rendered":"<div>\n<h1>Nadruk<\/h1>\n<p>PTM mechatronics GmbH<br \/>\nPark przemys\u0142owy 1<br \/>\n82281 Egenhofen<br \/>\nNiemcy<\/p>\n<p>Telefon: 08134257970<br \/>\nE-mail: info@ptm-mechatronics.com<\/p>\n<p>S\u0105d rejestrowy: s\u0105d rejonowy w Monachium<br \/>\nNumer rejestracyjny: HRB 84593<\/p>\n<p>Dyrektor zarz\u0105dzaj\u0105cy: Carsten Angermeyer<\/p>\n<\/div>\n<div id=\"itkanzlei_txt_copyright\">\n<div>\n<div>\n<h1>Informacje na temat ochrony danych<\/h1>\n<h2>1) Informacje o gromadzeniu danych osobowych i dane kontaktowe administratora danych<\/h2>\n<p><b>1.1<\/b>\u00a0Poni\u017cej informujemy o przetwarzaniu danych osobowych u\u017cytkownik\u00f3w. Dane osobowe to wszystkie dane, za pomoc\u0105 kt\u00f3rych mo\u017cna zidentyfikowa\u0107 u\u017cytkownika.<\/p>\n<p>Prosimy o dok\u0142adne sprawdzenie, jakie dane osobowe udost\u0119pniasz nam za po\u015brednictwem YouTube. Wyra\u017anie zaznaczamy, \u017ce YouTube przechowuje dane swoich u\u017cytkownik\u00f3w (np. dane osobowe, adres IP itp.) i mo\u017ce je r\u00f3wnie\u017c wykorzystywa\u0107 do cel\u00f3w biznesowych.<\/p>\n<p>Nie mamy wp\u0142ywu na gromadzenie i dalsze przetwarzanie danych przez YouTube. Ponadto nie jest dla nas jasne, w jakim stopniu, gdzie i jak d\u0142ugo dane s\u0105 przechowywane, w jakim stopniu YouTube wype\u0142nia istniej\u0105ce zobowi\u0105zania dotycz\u0105ce usuwania danych, jakie oceny i powi\u0105zania s\u0105 dokonywane z danymi i komu dane s\u0105 przekazywane. Je\u015bli u\u017cytkownik chce uniemo\u017cliwi\u0107 YouTube przetwarzanie danych osobowych, kt\u00f3re nam przekaza\u0142, prosimy o kontakt w inny spos\u00f3b. Nasze pe\u0142ne dane kontaktowe mo\u017cna znale\u017a\u0107 w naszej nocie prawnej na YouTube.<\/p>\n<p><b>1.2<\/b>\u00a0PTM mechatronics GmbH, Gewerbepark 1, 82281 Egenhofen, Niemcy, tel.: 08134257970, e-mail: info@ptm-mechatronics.com, jest odpowiedzialna za przetwarzanie danych w rozumieniu og\u00f3lnego rozporz\u0105dzenia o ochronie danych (RODO), o ile przetwarzamy dane, kt\u00f3re przekazujesz nam za po\u015brednictwem YouTube wy\u0142\u0105cznie we w\u0142asnym zakresie.<\/p>\n<p>W zakresie, w jakim dane przekazywane nam za po\u015brednictwem YouTube s\u0105 r\u00f3wnie\u017c lub wy\u0142\u0105cznie przetwarzane przez YouTube, Google Ireland Limited, Gordon House, 4 Barrow St, Dublin, D04 E5W5, Irlandia, jest r\u00f3wnie\u017c odpowiedzialna za przetwarzanie danych w rozumieniu og\u00f3lnego rozporz\u0105dzenia o ochronie danych (RODO).<\/p>\n<p>Wi\u0119cej informacji na temat przetwarzania danych przez Google Ireland Limited mo\u017cna znale\u017a\u0107 w polityce prywatno\u015bci Google Ireland Limited pod adresem <a href=\"https:\/\/policies.google.com\/privacy?hl=de&amp;gl=de\" target=\"_blank\" rel=\"noopener\">https:\/\/policies.google.com<wbr \/>\/prywatno\u015b\u0107<wbr \/>?hl=pl<wbr \/>&amp;gl=pl<\/a>. Niniejsza polityka prywatno\u015bci dotyczy wszystkich us\u0142ug oferowanych przez Google Ireland Limited i jej sp\u00f3\u0142ki stowarzyszone, w tym YouTube. Podczas korzystania z YouTube dane osobowe mog\u0105 by\u0107 r\u00f3wnie\u017c przesy\u0142ane na serwery Google LLC. w USA.<\/p>\n<p>W przypadku przekazywania danych do USA dostawca podpisa\u0142 umow\u0119 EU-US Data Privacy Framework, kt\u00f3ra zapewnia zgodno\u015b\u0107 z europejskim poziomem ochrony danych na podstawie decyzji Komisji Europejskiej stwierdzaj\u0105cej odpowiedni poziom ochrony.<\/p>\n<p>Administratorem danych osobowych jest osoba fizyczna lub prawna, kt\u00f3ra samodzielnie lub wsp\u00f3lnie z innymi ustala cele i sposoby przetwarzania danych osobowych.<\/p>\n<h2>2) Inspektor ochrony danych<\/h2>\n<p>Mo\u017cesz skontaktowa\u0107 si\u0119 z naszym inspektorem ochrony danych w nast\u0119puj\u0105cy spos\u00f3b \u201eSarah Angermeyer, Gewerbepark 1, 82281 Egenhofen, sa@ptm-mechatronics.com\u201c<\/p>\n<h2>3) Przetwarzanie danych podczas nawi\u0105zywania kontaktu<\/h2>\n<p>Sami gromadzimy dane osobowe, gdy u\u017cytkownik kontaktuje si\u0119 z nami, np. za po\u015brednictwem formularza kontaktowego lub komunikatora. Dane, kt\u00f3re gromadzimy, gdy u\u017cytkownik kontaktuje si\u0119 z nami za po\u015brednictwem formularza kontaktowego, mo\u017cna sprawdzi\u0107 w odpowiednim formularzu kontaktowym. Dane te s\u0105 przechowywane i wykorzystywane wy\u0142\u0105cznie w celu udzielenia odpowiedzi na zapytanie lub skontaktowania si\u0119 z u\u017cytkownikiem i zwi\u0105zanej z tym administracji technicznej. Podstaw\u0105 prawn\u0105 przetwarzania danych jest nasz uzasadniony interes polegaj\u0105cy na udzieleniu odpowiedzi na zapytanie u\u017cytkownika zgodnie z art. 6 ust. 1 lit. f RODO. Je\u015bli kontakt ma na celu zawarcie umowy, dodatkow\u0105 podstaw\u0105 prawn\u0105 przetwarzania jest art. 6 ust. 1 lit. b RODO. Dane u\u017cytkownika zostan\u0105 usuni\u0119te po ostatecznym przetworzeniu zapytania, pod warunkiem, \u017ce nie istniej\u0105 ustawowe obowi\u0105zki przechowywania danych. Zak\u0142adamy, \u017ce przetwarzanie jest zako\u0144czone, gdy z okoliczno\u015bci mo\u017cna wywnioskowa\u0107, \u017ce dana sprawa zosta\u0142a ostatecznie wyja\u015bniona.<\/p>\n<h2>4) Prawa osoby, kt\u00f3rej dane dotycz\u0105<\/h2>\n<p><b>4.1<\/b>\u00a0Obowi\u0105zuj\u0105ce przepisy o ochronie danych osobowych przyznaj\u0105 u\u017cytkownikowi kompleksowe prawa podmiotu danych (prawo dost\u0119pu i interwencji) wobec administratora w odniesieniu do przetwarzania jego danych osobowych, o kt\u00f3rych informujemy poni\u017cej:<\/p>\n<ul>\n<li>Prawo do informacji zgodnie z art. 15 RODO;<\/li>\n<li>Prawo do sprostowania danych zgodnie z art. 16 RODO;<\/li>\n<li>Prawo do usuni\u0119cia danych zgodnie z art. 17 RODO;<\/li>\n<li>Prawo do ograniczenia przetwarzania zgodnie z art. 18 RODO;<\/li>\n<li>Prawo do informacji zgodnie z art. 19 RODO;<\/li>\n<li>Prawo do przenoszenia danych zgodnie z art. 20 RODO;<\/li>\n<li>Prawo do wycofania zgody udzielonej zgodnie z art. 7 (3) RODO;<\/li>\n<li>Prawo do z\u0142o\u017cenia skargi zgodnie z art. 77 RODO.<\/li>\n<\/ul>\n<p><b>4.2<\/b>\u00a0PRAWO DO SPRZECIWU<\/p>\n<p>JE\u015aLI PRZETWARZAMY DANE OSOBOWE U\u017bYTKOWNIKA W RAMACH R\u00d3WNOWA\u017bENIA INTERES\u00d3W NA PODSTAWIE NASZEGO NADRZ\u0118DNEGO PRAWNIE UZASADNIONEGO INTERESU, U\u017bYTKOWNIK MA PRAWO W DOWOLNYM MOMENCIE WNIE\u015a\u0106 SPRZECIW WOBEC TAKIEGO PRZETWARZANIA ZE SKUTKIEM NA PRZYSZ\u0141O\u015a\u0106 Z PRZYCZYN ZWI\u0104ZANYCH Z JEGO SZCZEG\u00d3LN\u0104 SYTUACJ\u0104.<\/p>\n<p>JE\u015aLI U\u017bYTKOWNIK SKORZYSTA Z PRAWA DO SPRZECIWU, ZAPRZESTANIEMY PRZETWARZANIA PRZEDMIOTOWYCH DANYCH. ZASTRZEGAMY SOBIE JEDNAK PRAWO DO KONTYNUOWANIA PRZETWARZANIA DANYCH, JE\u015aLI B\u0118DZIEMY W STANIE WYKAZA\u0106 WA\u017bNE I UZASADNIONE PODSTAWY PRZETWARZANIA, KT\u00d3RE S\u0104 NADRZ\u0118DNE W STOSUNKU DO INTERES\u00d3W, PODSTAWOWYCH PRAW I WOLNO\u015aCI U\u017bYTKOWNIKA, LUB JE\u015aLI PRZETWARZANIE S\u0141U\u017bY USTANOWIENIU, WYKONANIU LUB OBRONIE ROSZCZE\u0143 PRAWNYCH.<\/p>\n<p>JE\u015aLI DANE OSOBOWE U\u017bYTKOWNIKA S\u0104 PRZETWARZANE PRZEZ NAS DO CEL\u00d3W MARKETINGU BEZPO\u015aREDNIEGO, U\u017bYTKOWNIK MA PRAWO W DOWOLNYM MOMENCIE WNIE\u015a\u0106 SPRZECIW WOBEC PRZETWARZANIA DOTYCZ\u0104CYCH GO DANYCH OSOBOWYCH DO CEL\u00d3W TAKIEGO MARKETINGU. U\u017bYTKOWNIK MO\u017bE WYKONA\u0106 SW\u00d3J SPRZECIW W SPOS\u00d3B OPISANY POWY\u017bEJ.<\/p>\n<p>JE\u015aLI U\u017bYTKOWNIK SKORZYSTA Z PRAWA DO SPRZECIWU, ZAPRZESTANIEMY PRZETWARZANIA PRZEDMIOTOWYCH DANYCH DO CEL\u00d3W MARKETINGU BEZPO\u015aREDNIEGO.<\/p>\n<h2>5) Okres przechowywania danych osobowych<\/h2>\n<p>Okres przechowywania danych osobowych zale\u017cy od odpowiedniej podstawy prawnej, celu przetwarzania i - w stosownych przypadkach - dodatkowo od odpowiedniego ustawowego okresu przechowywania (np. okresy przechowywania zgodnie z prawem handlowym i podatkowym).<\/p>\n<p>W przypadku przetwarzania danych osobowych na podstawie wyra\u017anej zgody zgodnie z art. 6 ust. 1 lit. a RODO, przedmiotowe dane b\u0119d\u0105 przechowywane do momentu odwo\u0142ania zgody.<\/p>\n<p>Je\u015bli istniej\u0105 ustawowe okresy przechowywania danych, kt\u00f3re s\u0105 przetwarzane w ramach zobowi\u0105za\u0144 prawnych lub podobnych na podstawie art. 6 ust. 1 lit. b RODO, dane te b\u0119d\u0105 rutynowo usuwane po up\u0142ywie okres\u00f3w przechowywania, pod warunkiem, \u017ce nie s\u0105 ju\u017c wymagane do realizacji umowy lub rozpocz\u0119cia umowy i\/lub nie mamy ju\u017c uzasadnionego interesu w dalszym przechowywaniu.<\/p>\n<p>W przypadku przetwarzania danych osobowych na podstawie art. 6 ust. 1 lit. f RODO dane te b\u0119d\u0105 przechowywane do czasu skorzystania przez u\u017cytkownika z prawa do sprzeciwu zgodnie z art. 21 ust. 1 RODO, chyba \u017ce b\u0119dziemy w stanie wykaza\u0107 istnienie wa\u017cnych prawnie uzasadnionych podstaw do przetwarzania, nadrz\u0119dnych wobec interes\u00f3w, praw i wolno\u015bci u\u017cytkownika, lub przetwarzanie s\u0142u\u017cy ustaleniu, dochodzeniu lub obronie roszcze\u0144 prawnych.<\/p>\n<p>W przypadku przetwarzania danych osobowych do cel\u00f3w marketingu bezpo\u015bredniego na podstawie art. 6 ust. 1 lit. f RODO, dane te s\u0105 przechowywane do momentu skorzystania przez u\u017cytkownika z prawa do sprzeciwu zgodnie z art. 21 ust. 2 RODO.<\/p>\n<p>O ile nie okre\u015blono inaczej w innych informacjach w niniejszym o\u015bwiadczeniu dotycz\u0105cych konkretnych sytuacji przetwarzania, przechowywane dane osobowe s\u0105 usuwane, gdy nie s\u0105 ju\u017c potrzebne do cel\u00f3w, dla kt\u00f3rych zosta\u0142y zebrane lub w inny spos\u00f3b przetworzone.<\/p>\n<\/div>\n<div id=\"itkanzlei_txt_copyright\">\n<div><a href=\"https:\/\/www.it-recht-kanzlei.de\/\" target=\"_blank\" rel=\"noopener\"><img decoding=\"async\" id=\"itkanzlei_img_copyright\" title=\"Firma prawnicza IT\" src=\"https:\/\/www.it-recht-kanzlei.de\/logo\/Copyright-Logo_Datenschutzerklaerung.png?i=52e98-3961a-39c8-907e-1\" alt=\"\u00a9 IT-Recht Kanzlei\" \/><\/a><\/div>\n<\/div>\n<\/div>\n<\/div>","protected":false},"excerpt":{"rendered":"<p>Impressum PTM mechatronics GmbH Gewerbepark 1 82281 Egenhofen Deutschland Tel.: 08134257970 E-Mail: info@ptm-mechatronics.com Registergericht: Amtsgericht m\u00fcnchen Registernummer: HRB 84593 Gesch\u00e4ftsf\u00fchrer: Carsten Angermeyer Informationen zum Datenschutz 1) Information \u00fcber die Erhebung personenbezogener Daten und Kontaktdaten des Verantwortlichen 1.1\u00a0Im Folgenden informieren wir Sie \u00fcber den Umgang mit Ihren personenbezogenen Daten. Hierbei sind personenbezogene Daten alle Daten, mit [&#8230;]\n","protected":false},"author":5,"featured_media":0,"parent":0,"menu_order":0,"comment_status":"closed","ping_status":"closed","template":"","meta":{"_acf_changed":false,"footnotes":""},"class_list":["post-13487","page","type-page","status-publish","hentry"],"acf":[],"_links":{"self":[{"href":"https:\/\/ptm-mechatronics.com\/pl\/wp-json\/wp\/v2\/pages\/13487","targetHints":{"allow":["GET"]}}],"collection":[{"href":"https:\/\/ptm-mechatronics.com\/pl\/wp-json\/wp\/v2\/pages"}],"about":[{"href":"https:\/\/ptm-mechatronics.com\/pl\/wp-json\/wp\/v2\/types\/page"}],"author":[{"embeddable":true,"href":"https:\/\/ptm-mechatronics.com\/pl\/wp-json\/wp\/v2\/users\/5"}],"replies":[{"embeddable":true,"href":"https:\/\/ptm-mechatronics.com\/pl\/wp-json\/wp\/v2\/comments?post=13487"}],"version-history":[{"count":3,"href":"https:\/\/ptm-mechatronics.com\/pl\/wp-json\/wp\/v2\/pages\/13487\/revisions"}],"predecessor-version":[{"id":13490,"href":"https:\/\/ptm-mechatronics.com\/pl\/wp-json\/wp\/v2\/pages\/13487\/revisions\/13490"}],"wp:attachment":[{"href":"https:\/\/ptm-mechatronics.com\/pl\/wp-json\/wp\/v2\/media?parent=13487"}],"curies":[{"name":"wp","href":"https:\/\/api.w.org\/{rel}","templated":true}]}}