{"id":13487,"date":"2025-05-05T08:49:28","date_gmt":"2025-05-05T06:49:28","guid":{"rendered":"https:\/\/ptm-mechatronics.com\/?page_id=13487"},"modified":"2025-05-05T08:50:50","modified_gmt":"2025-05-05T06:50:50","slug":"youtube-datenschutzerklaerung-impressum","status":"publish","type":"page","link":"https:\/\/ptm-mechatronics.com\/hu\/youtube-datenschutzerklaerung-impressum\/","title":{"rendered":"Youtube Datenschutzerklaerung Impressum"},"content":{"rendered":"<div>\n<h1>Impresszum<\/h1>\n<p>PTM mechatronics GmbH<br \/>\nIpari park 1<br \/>\n82281 Egenhofen<br \/>\nN\u00e9metorsz\u00e1g<\/p>\n<p>Telefon: 08134257970<br \/>\nE-mail: info@ptm-mechatronics.com<\/p>\n<p>Nyilv\u00e1ntart\u00f3 b\u00edr\u00f3s\u00e1g: m\u00fcncheni helyi b\u00edr\u00f3s\u00e1g<br \/>\nNyilv\u00e1ntart\u00e1si sz\u00e1m: HRB 84593<\/p>\n<p>\u00dcgyvezet\u0151 igazgat\u00f3: Carsten Angermeyer<\/p>\n<\/div>\n<div id=\"itkanzlei_txt_copyright\">\n<div>\n<div>\n<h1>T\u00e1j\u00e9koztat\u00e1s az adatv\u00e9delemr\u0151l<\/h1>\n<h2>1) T\u00e1j\u00e9koztat\u00e1s a szem\u00e9lyes adatok gy\u0171jt\u00e9s\u00e9r\u0151l \u00e9s az adatkezel\u0151 el\u00e9rhet\u0151s\u00e9gei<\/h2>\n<p><b>1.1<\/b>\u00a0A k\u00f6vetkez\u0151kben t\u00e1j\u00e9koztatjuk \u00d6nt szem\u00e9lyes adatainak kezel\u00e9s\u00e9r\u0151l. Szem\u00e9lyes adatnak min\u0151s\u00fcl minden olyan adat, amellyel \u00d6n szem\u00e9lyesen azonos\u00edthat\u00f3.<\/p>\n<p>K\u00e9rj\u00fck, gondosan ellen\u0151rizze, hogy milyen szem\u00e9lyes adatokat oszt meg vel\u00fcnk a YouTube-on kereszt\u00fcl. Kifejezetten felh\u00edvjuk a figyelmet arra, hogy a YouTube t\u00e1rolja a felhaszn\u00e1l\u00f3k adatait (pl. szem\u00e9lyes adatok, IP-c\u00edm stb.), \u00e9s azokat \u00fczleti c\u00e9lokra is felhaszn\u00e1lhatja.<\/p>\n<p>Nincs befoly\u00e1sunk a YouTube \u00e1ltal v\u00e9gzett adatgy\u0171jt\u00e9sre \u00e9s tov\u00e1bbi feldolgoz\u00e1sra. Tov\u00e1bb\u00e1 nem vil\u00e1gos sz\u00e1munkra, hogy az adatokat milyen m\u00e9rt\u00e9kben, hol \u00e9s mennyi ideig t\u00e1rolj\u00e1k, a YouTube milyen m\u00e9rt\u00e9kben tesz eleget a megl\u00e9v\u0151 t\u00f6rl\u00e9si k\u00f6telezetts\u00e9geknek, milyen \u00e9rt\u00e9kel\u00e9sek \u00e9s hivatkoz\u00e1sok k\u00e9sz\u00fclnek az adatokkal, \u00e9s kiknek adj\u00e1k \u00e1t az adatokat. Ha szeretn\u00e9 megakad\u00e1lyozni, hogy a YouTube feldolgozza az \u00d6n \u00e1ltal nek\u00fcnk tov\u00e1bb\u00edtott szem\u00e9lyes adatokat, k\u00e9rj\u00fck, m\u00e1s m\u00f3don vegye fel vel\u00fcnk a kapcsolatot. Teljes k\u00f6r\u0171 el\u00e9rhet\u0151s\u00e9geinket a YouTube-ra vonatkoz\u00f3 jogi k\u00f6zlem\u00e9ny\u00fcnkben tal\u00e1lja.<\/p>\n<p><b>1.2<\/b>\u00a0A PTM mechatronics GmbH, Gewerbepark 1, 82281 Egenhofen, N\u00e9metorsz\u00e1g, telefon: 08134257970, e-mail: info@ptm-mechatronics.com, az \u00e1ltal\u00e1nos adatv\u00e9delmi rendelet (GDPR) \u00e9rtelm\u00e9ben az adatkezel\u00e9s\u00e9rt felel\u0151s, amennyiben az \u00d6n \u00e1ltal a YouTube-on kereszt\u00fcl hozz\u00e1nk tov\u00e1bb\u00edtott adatokat kiz\u00e1r\u00f3lag mi magunk kezelj\u00fck.<\/p>\n<p>Amennyiben az \u00d6n \u00e1ltal a YouTube-on kereszt\u00fcl hozz\u00e1nk tov\u00e1bb\u00edtott adatokat a YouTube is vagy kiz\u00e1r\u00f3lag a Google Ireland Limited, Gordon House, 4 Barrow St, Dublin, D04 E5W5, \u00cdrorsz\u00e1g, az \u00e1ltal\u00e1nos adatv\u00e9delmi rendelet (GDPR) \u00e9rtelm\u00e9ben az adatkezel\u00e9s\u00e9rt is felel\u0151s.<\/p>\n<p>A Google Ireland Limited \u00e1ltal v\u00e9gzett adatfeldolgoz\u00e1ssal kapcsolatos tov\u00e1bbi inform\u00e1ci\u00f3k a Google Ireland Limited adatv\u00e9delmi szab\u00e1lyzat\u00e1ban tal\u00e1lhat\u00f3k a k\u00f6vetkez\u0151 c\u00edmen. <a href=\"https:\/\/policies.google.com\/privacy?hl=de&amp;gl=de\" target=\"_blank\" rel=\"noopener\">https:\/\/policies.google.com<wbr \/>\/privacy<wbr \/>?hl=en<wbr \/>&amp;gl=en<\/a>. Ez az adatv\u00e9delmi szab\u00e1lyzat a Google Ireland Limited \u00e9s kapcsolt v\u00e1llalkoz\u00e1sai, k\u00f6zt\u00fck a YouTube \u00e1ltal k\u00edn\u00e1lt valamennyi szolg\u00e1ltat\u00e1sra vonatkozik. A YouTube haszn\u00e1lata sor\u00e1n a szem\u00e9lyes adatok a Google LLC. egyes\u00fclt \u00e1llamokbeli szervereire is tov\u00e1bb\u00edthat\u00f3k.<\/p>\n<p>Az USA-ba t\u00f6rt\u00e9n\u0151 adattov\u00e1bb\u00edt\u00e1s eset\u00e9n a szolg\u00e1ltat\u00f3 csatlakozott az EU-USA adatv\u00e9delmi keretrendszerhez, amely az Eur\u00f3pai Bizotts\u00e1g megfelel\u0151s\u00e9gi hat\u00e1rozata alapj\u00e1n biztos\u00edtja az eur\u00f3pai adatv\u00e9delmi szintnek val\u00f3 megfelel\u00e9st.<\/p>\n<p>A szem\u00e9lyes adatok adatkezel\u0151je az a term\u00e9szetes vagy jogi szem\u00e9ly, aki egyed\u00fcl vagy m\u00e1sokkal egy\u00fctt meghat\u00e1rozza a szem\u00e9lyes adatok kezel\u00e9s\u00e9nek c\u00e9ljait \u00e9s eszk\u00f6zeit.<\/p>\n<h2>2) Adatv\u00e9delmi tisztvisel\u0151<\/h2>\n<p>Adatv\u00e9delmi tisztvisel\u0151nkkel a k\u00f6vetkez\u0151k\u00e9ppen l\u00e9phet kapcsolatba \u201eSarah Angermeyer, Gewerbepark 1, 82281 Egenhofen, sa@ptm-mechatronics.com\u201c<\/p>\n<h2>3) Adatkezel\u00e9s a kapcsolatfelv\u00e9tel sor\u00e1n<\/h2>\n<p>Mi magunk gy\u0171jtj\u00fck a szem\u00e9lyes adatokat, amikor \u00d6n kapcsolatba l\u00e9p vel\u00fcnk, pl. kapcsolatfelv\u00e9teli \u0171rlapon vagy messengeren kereszt\u00fcl. A kapcsolattart\u00e1si \u0171rlapon kereszt\u00fcl t\u00f6rt\u00e9n\u0151 kapcsolatfelv\u00e9telkor a megfelel\u0151 kapcsolattart\u00e1si \u0171rlapon l\u00e1thatja, hogy milyen adatokat gy\u0171jt\u00fcnk. Ezeket az adatokat kiz\u00e1r\u00f3lag az \u00d6n megkeres\u00e9s\u00e9re t\u00f6rt\u00e9n\u0151 v\u00e1laszad\u00e1s vagy az \u00d6nnel val\u00f3 kapcsolatfelv\u00e9tel \u00e9s a kapcsol\u00f3d\u00f3 technikai adminisztr\u00e1ci\u00f3 c\u00e9lj\u00e1b\u00f3l t\u00e1roljuk \u00e9s haszn\u00e1ljuk fel. Az adatok feldolgoz\u00e1s\u00e1nak jogalapja a GDPR 6. cikk (1) bekezd\u00e9s\u00e9nek f) pontja szerinti jogos \u00e9rdek\u00fcnk, hogy v\u00e1laszoljunk az \u00d6n k\u00e9r\u00e9s\u00e9re. Ha az \u00d6n megkeres\u00e9se szerz\u0151d\u00e9s megk\u00f6t\u00e9s\u00e9re ir\u00e1nyul, a feldolgoz\u00e1s tov\u00e1bbi jogalapja a GDPR 6. cikk (1) bekezd\u00e9s b) pontja. Az \u00d6n adatait a megkeres\u00e9s v\u00e9gleges feldolgoz\u00e1s\u00e1t k\u00f6vet\u0151en t\u00f6r\u00f6lj\u00fck, felt\u00e9ve, hogy nem \u00e1ll fenn ezzel ellent\u00e9tes t\u00f6rv\u00e9nyi meg\u0151rz\u00e9si k\u00f6telezetts\u00e9g. A feldolgoz\u00e1s befejezettnek tekintj\u00fck, ha a k\u00f6r\u00fclm\u00e9nyekb\u0151l arra lehet k\u00f6vetkeztetni, hogy a k\u00e9rd\u00e9ses \u00fcgyet v\u00e9glegesen tiszt\u00e1ztuk.<\/p>\n<h2>4) Az \u00e9rintett jogai<\/h2>\n<p><b>4.1<\/b>\u00a0Az alkalmazand\u00f3 adatv\u00e9delmi t\u00f6rv\u00e9ny az \u00d6n szem\u00e9lyes adatainak feldolgoz\u00e1s\u00e1val kapcsolatban az adatkezel\u0151vel szemben \u00e1tfog\u00f3 \u00e9rintettjogokat (hozz\u00e1f\u00e9r\u00e9si \u00e9s beavatkoz\u00e1si jogokat) biztos\u00edt \u00d6nnek, amelyekr\u0151l az al\u00e1bbiakban t\u00e1j\u00e9koztatjuk \u00d6nt:<\/p>\n<ul>\n<li>A t\u00e1j\u00e9koztat\u00e1shoz val\u00f3 jog a GDPR 15. cikke alapj\u00e1n;<\/li>\n<li>A helyesb\u00edt\u00e9shez val\u00f3 jog a GDPR 16. cikke alapj\u00e1n;<\/li>\n<li>A t\u00f6rl\u00e9shez val\u00f3 jog a GDPR 17. cikke alapj\u00e1n;<\/li>\n<li>Az adatkezel\u00e9s korl\u00e1toz\u00e1s\u00e1hoz val\u00f3 jog a GDPR 18. cikke alapj\u00e1n;<\/li>\n<li>A t\u00e1j\u00e9koztat\u00e1shoz val\u00f3 jog a GDPR 19. cikk\u00e9nek megfelel\u0151en;<\/li>\n<li>Az adatok hordozhat\u00f3s\u00e1g\u00e1hoz val\u00f3 jog a GDPR 20. cikke alapj\u00e1n;<\/li>\n<li>A hozz\u00e1j\u00e1rul\u00e1s visszavon\u00e1s\u00e1hoz val\u00f3 jog a GDPR 7. cikk\u00e9nek (3) bekezd\u00e9se alapj\u00e1n;<\/li>\n<li>A GDPR 77. cikke szerinti panasz beny\u00fajt\u00e1s\u00e1nak joga.<\/li>\n<\/ul>\n<p><b>4.2<\/b>\u00a0KIFOG\u00c1SOL\u00c1SI JOG<\/p>\n<p>HA AZ \u00d6N SZEM\u00c9LYES ADATAIT \u00c9RDEKM\u00c9RLEGEL\u00c9S R\u00c9SZEK\u00c9NT, AZ ELS\u0150DLEGES JOGOS \u00c9RDEK\u00dcNK ALAPJ\u00c1N KEZELJ\u00dcK, \u00d6N JOGOSULT ARRA, HOGY AZ \u00d6N HELYZET\u00c9VEL KAPCSOLATOS OKOKB\u00d3L B\u00c1RMIKOR, A J\u00d6V\u0150RE N\u00c9ZVE IS TILTAKOZZON AZ ADATKEZEL\u00c9S ELLEN.<\/p>\n<p>HA \u00d6N \u00c9L A TILTAKOZ\u00c1SHOZ VAL\u00d3 JOG\u00c1VAL, LE\u00c1LL\u00cdTJUK AZ \u00c9RINTETT ADATOK FELDOLGOZ\u00c1S\u00c1T. FENNTARTJUK AZONBAN A JOGOT A FELDOLGOZ\u00c1S FOLYTAT\u00c1S\u00c1RA, HA BIZONY\u00cdTANI TUDJUK, HOGY A FELDOLGOZ\u00c1SNAK OLYAN K\u00c9NYSZER\u00cdT\u0150 EREJ\u0170 JOGOS OKAI VANNAK, AMELYEK ELS\u0150BBS\u00c9GET \u00c9LVEZNEK AZ \u00d6N \u00c9RDEKEIVEL, ALAPVET\u0150 JOGAIVAL \u00c9S SZABADS\u00c1GAIVAL SZEMBEN, VAGY HA A FELDOLGOZ\u00c1S JOGI IG\u00c9NYEK EL\u0150TERJESZT\u00c9S\u00c9T, GYAKORL\u00c1S\u00c1T VAGY V\u00c9DELM\u00c9T SZOLG\u00c1LJA.<\/p>\n<p>HA AZ \u00d6N SZEM\u00c9LYES ADATAIT K\u00d6ZVETLEN \u00dcZLETSZERZ\u00c9S C\u00c9LJ\u00c1B\u00d3L DOLGOZZUK FEL, \u00d6N JOGOSULT ARRA, HOGY B\u00c1RMIKOR TILTAKOZZON AZ \u00d6NRE VONATKOZ\u00d3 SZEM\u00c9LYES ADATOK ILYEN \u00dcZLETSZERZ\u00c9S C\u00c9LJ\u00c1B\u00d3L T\u00d6RT\u00c9N\u0150 FELDOLGOZ\u00c1SA ELLEN. \u00d6N A FENT LE\u00cdRTAK SZERINT GYAKOROLHATJA TILTAKOZ\u00c1S\u00c1T.<\/p>\n<p>HA \u00d6N \u00c9L A TILTAKOZ\u00c1SHOZ VAL\u00d3 JOG\u00c1VAL, LE\u00c1LL\u00cdTJUK AZ \u00c9RINTETT ADATOK K\u00d6ZVETLEN \u00dcZLETSZERZ\u00c9SI C\u00c9L\u00da FELDOLGOZ\u00c1S\u00c1T.<\/p>\n<h2>5) A szem\u00e9lyes adatok t\u00e1rol\u00e1s\u00e1nak id\u0151tartama<\/h2>\n<p>A szem\u00e9lyes adatok t\u00e1rol\u00e1s\u00e1nak id\u0151tartam\u00e1t a vonatkoz\u00f3 jogalap, a feldolgoz\u00e1s c\u00e9lja \u00e9s - adott esetben - a vonatkoz\u00f3 t\u00f6rv\u00e9nyes meg\u0151rz\u00e9si id\u0151szak hat\u00e1rozza meg (pl. a kereskedelmi \u00e9s ad\u00f3jog szerinti meg\u0151rz\u00e9si id\u0151szakok).<\/p>\n<p>Ha a szem\u00e9lyes adatok feldolgoz\u00e1sa a GDPR 6. cikk (1) bekezd\u00e9s\u00e9nek a) pontja szerinti kifejezett hozz\u00e1j\u00e1rul\u00e1s alapj\u00e1n t\u00f6rt\u00e9nik, az \u00e9rintett adatokat mindaddig t\u00e1roljuk, am\u00edg \u00d6n vissza nem vonja hozz\u00e1j\u00e1rul\u00e1s\u00e1t.<\/p>\n<p>Ha a GDPR 6. cikk (1) bekezd\u00e9s\u00e9nek b) pontja alapj\u00e1n jogi vagy hasonl\u00f3 k\u00f6telezetts\u00e9gek keret\u00e9ben feldolgozott adatokra t\u00f6rv\u00e9nyes meg\u0151rz\u00e9si id\u0151szakok vonatkoznak, ezeket az adatokat a meg\u0151rz\u00e9si id\u0151szakok lej\u00e1rta ut\u00e1n rutinszer\u0171en t\u00f6r\u00f6lj\u00fck, felt\u00e9ve, hogy a szerz\u0151d\u00e9s teljes\u00edt\u00e9s\u00e9hez vagy a szerz\u0151d\u00e9sk\u00f6t\u00e9shez m\u00e1r nincs sz\u00fcks\u00e9g r\u00e1juk \u00e9s\/vagy a tov\u00e1bbi t\u00e1rol\u00e1shoz m\u00e1r nem f\u0171z\u0151dik jogos \u00e9rdek\u00fcnk.<\/p>\n<p>A szem\u00e9lyes adatoknak a GDPR 6. cikk (1) bekezd\u00e9s\u00e9nek f) pontja alapj\u00e1n t\u00f6rt\u00e9n\u0151 feldolgoz\u00e1sa eset\u00e9n ezeket az adatokat addig t\u00e1roljuk, am\u00edg \u00d6n nem \u00e9l a GDPR 21. cikk (1) bekezd\u00e9se szerinti tiltakoz\u00e1si jog\u00e1val, kiv\u00e9ve, ha a feldolgoz\u00e1sra olyan k\u00e9nyszer\u00edt\u0151 erej\u0171 jogos okokat tudunk igazolni, amelyek els\u0151bbs\u00e9get \u00e9lveznek az \u00d6n \u00e9rdekeivel, jogaival \u00e9s szabads\u00e1gaival szemben, vagy ha a feldolgoz\u00e1s jogi ig\u00e9nyek el\u0151terjeszt\u00e9s\u00e9t, \u00e9rv\u00e9nyes\u00edt\u00e9s\u00e9t vagy v\u00e9delm\u00e9t szolg\u00e1lja.<\/p>\n<p>Ha a szem\u00e9lyes adatokat a GDPR 6. cikk (1) bekezd\u00e9s\u00e9nek f) pontja alapj\u00e1n k\u00f6zvetlen \u00fczletszerz\u00e9s c\u00e9lj\u00e1b\u00f3l dolgozzuk fel, ezeket az adatokat addig t\u00e1roljuk, am\u00edg \u00d6n nem \u00e9l a GDPR 21. cikk\u00e9nek (2) bekezd\u00e9se szerinti tiltakoz\u00e1si jog\u00e1val.<\/p>\n<p>Hacsak a jelen nyilatkozatban a konkr\u00e9t feldolgoz\u00e1si helyzetekre vonatkoz\u00f3 egy\u00e9b inform\u00e1ci\u00f3k m\u00e1sk\u00e9nt nem rendelkeznek, a t\u00e1rolt szem\u00e9lyes adatokat t\u00f6r\u00f6lj\u00fck, amikor m\u00e1r nincs sz\u00fcks\u00e9g azokra a c\u00e9lokra, amelyekhez azokat gy\u0171jt\u00f6tt\u00e9k vagy m\u00e1s m\u00f3don feldolgozt\u00e1k.<\/p>\n<\/div>\n<div id=\"itkanzlei_txt_copyright\">\n<div><a href=\"https:\/\/www.it-recht-kanzlei.de\/\" target=\"_blank\" rel=\"noopener\"><img decoding=\"async\" id=\"itkanzlei_img_copyright\" title=\"IT jogi iroda\" src=\"https:\/\/www.it-recht-kanzlei.de\/logo\/Copyright-Logo_Datenschutzerklaerung.png?i=52e98-3961a-39c8-907e-1\" alt=\"\u00a9 IT-Recht Kanzlei\" \/><\/a><\/div>\n<\/div>\n<\/div>\n<\/div>","protected":false},"excerpt":{"rendered":"<p>Impressum PTM mechatronics GmbH Gewerbepark 1 82281 Egenhofen Deutschland Tel.: 08134257970 E-Mail: info@ptm-mechatronics.com Registergericht: Amtsgericht m\u00fcnchen Registernummer: HRB 84593 Gesch\u00e4ftsf\u00fchrer: Carsten Angermeyer Informationen zum Datenschutz 1) Information \u00fcber die Erhebung personenbezogener Daten und Kontaktdaten des Verantwortlichen 1.1\u00a0Im Folgenden informieren wir Sie \u00fcber den Umgang mit Ihren personenbezogenen Daten. Hierbei sind personenbezogene Daten alle Daten, mit [&#8230;]\n","protected":false},"author":5,"featured_media":0,"parent":0,"menu_order":0,"comment_status":"closed","ping_status":"closed","template":"","meta":{"_acf_changed":false,"footnotes":""},"class_list":["post-13487","page","type-page","status-publish","hentry"],"acf":[],"_links":{"self":[{"href":"https:\/\/ptm-mechatronics.com\/hu\/wp-json\/wp\/v2\/pages\/13487","targetHints":{"allow":["GET"]}}],"collection":[{"href":"https:\/\/ptm-mechatronics.com\/hu\/wp-json\/wp\/v2\/pages"}],"about":[{"href":"https:\/\/ptm-mechatronics.com\/hu\/wp-json\/wp\/v2\/types\/page"}],"author":[{"embeddable":true,"href":"https:\/\/ptm-mechatronics.com\/hu\/wp-json\/wp\/v2\/users\/5"}],"replies":[{"embeddable":true,"href":"https:\/\/ptm-mechatronics.com\/hu\/wp-json\/wp\/v2\/comments?post=13487"}],"version-history":[{"count":3,"href":"https:\/\/ptm-mechatronics.com\/hu\/wp-json\/wp\/v2\/pages\/13487\/revisions"}],"predecessor-version":[{"id":13490,"href":"https:\/\/ptm-mechatronics.com\/hu\/wp-json\/wp\/v2\/pages\/13487\/revisions\/13490"}],"wp:attachment":[{"href":"https:\/\/ptm-mechatronics.com\/hu\/wp-json\/wp\/v2\/media?parent=13487"}],"curies":[{"name":"wp","href":"https:\/\/api.w.org\/{rel}","templated":true}]}}