{"id":13487,"date":"2025-05-05T08:49:28","date_gmt":"2025-05-05T06:49:28","guid":{"rendered":"https:\/\/ptm-mechatronics.com\/?page_id=13487"},"modified":"2025-05-05T08:50:50","modified_gmt":"2025-05-05T06:50:50","slug":"youtube-datenschutzerklaerung-impressum","status":"publish","type":"page","link":"https:\/\/ptm-mechatronics.com\/cs\/youtube-datenschutzerklaerung-impressum\/","title":{"rendered":"Youtube Datenschutzerklaerung Impressum"},"content":{"rendered":"<div>\n<h1>Otisk<\/h1>\n<p>PTM mechatronics GmbH<br \/>\nPr\u016fmyslov\u00fd park 1<br \/>\n82281 Egenhofen<br \/>\nN\u011bmecko<\/p>\n<p>Telefon: 08134257970<br \/>\nE-mail: info@ptm-mechatronics.com<\/p>\n<p>Rejst\u0159\u00edkov\u00fd soud: m\u00edstn\u00ed soud v Mnichov\u011b<br \/>\nRegistra\u010dn\u00ed \u010d\u00edslo: HRB 84593<\/p>\n<p>V\u00fdkonn\u00fd \u0159editel: Carsten Angermeyer<\/p>\n<\/div>\n<div id=\"itkanzlei_txt_copyright\">\n<div>\n<div>\n<h1>Informace o ochran\u011b \u00fadaj\u016f<\/h1>\n<h2>1) Informace o shroma\u017e\u010fov\u00e1n\u00ed osobn\u00edch \u00fadaj\u016f a kontaktn\u00ed \u00fadaje spr\u00e1vce.<\/h2>\n<p><b>1.1<\/b>\u00a0V n\u00e1sleduj\u00edc\u00edm textu v\u00e1s informujeme o nakl\u00e1d\u00e1n\u00ed s va\u0161imi osobn\u00edmi \u00fadaji. Osobn\u00ed \u00fadaje jsou v\u0161echny \u00fadaje, pomoc\u00ed kter\u00fdch v\u00e1s lze osobn\u011b identifikovat.<\/p>\n<p>Pe\u010dliv\u011b si zkontrolujte, jak\u00e9 osobn\u00ed \u00fadaje n\u00e1m prost\u0159ednictv\u00edm slu\u017eby YouTube sd\u011blujete. V\u00fdslovn\u011b upozor\u0148ujeme, \u017ee YouTube ukl\u00e1d\u00e1 \u00fadaje sv\u00fdch u\u017eivatel\u016f (nap\u0159. osobn\u00ed \u00fadaje, IP adresu atd.) a m\u016f\u017ee je tak\u00e9 pou\u017e\u00edvat pro obchodn\u00ed \u00fa\u010dely.<\/p>\n<p>Na shroma\u017e\u010fov\u00e1n\u00ed a dal\u0161\u00ed zpracov\u00e1n\u00ed \u00fadaj\u016f spole\u010dnost\u00ed YouTube nem\u00e1me \u017e\u00e1dn\u00fd vliv. D\u00e1le n\u00e1m nen\u00ed jasn\u00e9, v jak\u00e9m rozsahu, kde a jak dlouho jsou \u00fadaje uchov\u00e1v\u00e1ny, do jak\u00e9 m\u00edry YouTube pln\u00ed st\u00e1vaj\u00edc\u00ed povinnosti t\u00fdkaj\u00edc\u00ed se v\u00fdmazu, jak\u00e1 vyhodnocen\u00ed a propojen\u00ed jsou s \u00fadaji prov\u00e1d\u011bna a komu jsou \u00fadaje p\u0159ed\u00e1v\u00e1ny. Pokud chcete zabr\u00e1nit tomu, aby YouTube zpracov\u00e1val osobn\u00ed \u00fadaje, kter\u00e9 jste n\u00e1m p\u0159edali, kontaktujte n\u00e1s pros\u00edm jin\u00fdm zp\u016fsobem. \u00dapln\u00e9 kontaktn\u00ed \u00fadaje naleznete v na\u0161em pr\u00e1vn\u00edm upozorn\u011bn\u00ed na YouTube.<\/p>\n<p><b>1.2<\/b>\u00a0PTM mechatronics GmbH, Gewerbepark 1, 82281 Egenhofen, N\u011bmecko, tel.: 08134257970, e-mail: info@ptm-mechatronics.com, je odpov\u011bdn\u00e1 za zpracov\u00e1n\u00ed \u00fadaj\u016f ve smyslu obecn\u00e9ho na\u0159\u00edzen\u00ed o ochran\u011b osobn\u00edch \u00fadaj\u016f (GDPR), pokud \u00fadaje, kter\u00e9 n\u00e1m p\u0159ed\u00e1te prost\u0159ednictv\u00edm YouTube, zpracov\u00e1v\u00e1me v\u00fdhradn\u011b sami.<\/p>\n<p>Pokud \u00fadaje, kter\u00e9 n\u00e1m p\u0159ed\u00e1v\u00e1te prost\u0159ednictv\u00edm YouTube, zpracov\u00e1v\u00e1 tak\u00e9 nebo v\u00fdhradn\u011b YouTube, je za zpracov\u00e1n\u00ed \u00fadaj\u016f ve smyslu obecn\u00e9ho na\u0159\u00edzen\u00ed o ochran\u011b osobn\u00edch \u00fadaj\u016f (GDPR) odpov\u011bdn\u00e1 tak\u00e9 spole\u010dnost Google Ireland Limited, Gordon House, 4 Barrow St, Dublin, D04 E5W5, Irsko.<\/p>\n<p>Dal\u0161\u00ed informace o zpracov\u00e1n\u00ed \u00fadaj\u016f spole\u010dnost\u00ed Google Ireland Limited naleznete v z\u00e1sad\u00e1ch ochrany osobn\u00edch \u00fadaj\u016f spole\u010dnosti Google Ireland Limited na adrese. <a href=\"https:\/\/policies.google.com\/privacy?hl=de&amp;gl=de\" target=\"_blank\" rel=\"noopener\">https:\/\/policies.google.com<wbr \/>\/soukrom\u00ed<wbr \/>?hl=en<wbr \/>&amp;gl=en<\/a>. Tyto z\u00e1sady ochrany osobn\u00edch \u00fadaj\u016f se vztahuj\u00ed na v\u0161echny slu\u017eby nab\u00edzen\u00e9 spole\u010dnost\u00ed Google Ireland Limited a jej\u00edmi p\u0159idru\u017een\u00fdmi spole\u010dnostmi, v\u010detn\u011b YouTube. P\u0159i pou\u017e\u00edv\u00e1n\u00ed slu\u017eby YouTube mohou b\u00fdt osobn\u00ed \u00fadaje p\u0159ed\u00e1v\u00e1ny tak\u00e9 na servery spole\u010dnosti Google LLC. v USA.<\/p>\n<p>V p\u0159\u00edpad\u011b p\u0159ed\u00e1v\u00e1n\u00ed \u00fadaj\u016f do USA se poskytovatel p\u0159ipojil k R\u00e1mci pro ochranu osobn\u00edch \u00fadaj\u016f mezi EU a USA, kter\u00fd zaji\u0161\u0165uje dodr\u017eov\u00e1n\u00ed evropsk\u00e9 \u00farovn\u011b ochrany \u00fadaj\u016f na z\u00e1klad\u011b rozhodnut\u00ed Evropsk\u00e9 komise o odpov\u00eddaj\u00edc\u00ed ochran\u011b.<\/p>\n<p>Spr\u00e1vce osobn\u00edch \u00fadaj\u016f je fyzick\u00e1 nebo pr\u00e1vnick\u00e1 osoba, kter\u00e1 sama nebo spole\u010dn\u011b s jin\u00fdmi ur\u010duje \u00fa\u010dely a prost\u0159edky zpracov\u00e1n\u00ed osobn\u00edch \u00fadaj\u016f.<\/p>\n<h2>2) Pov\u011b\u0159enec pro ochranu osobn\u00edch \u00fadaj\u016f<\/h2>\n<p>Na\u0161eho pov\u011b\u0159ence pro ochranu osobn\u00edch \u00fadaj\u016f m\u016f\u017eete kontaktovat takto \u201eSarah Angermeyer, Gewerbepark 1, 82281 Egenhofen, sa@ptm-mechatronics.com\u201c.\u201c<\/p>\n<h2>3) Zpracov\u00e1n\u00ed \u00fadaj\u016f p\u0159i kontaktu<\/h2>\n<p>Osobn\u00ed \u00fadaje shroma\u017e\u010fujeme sami, kdy\u017e n\u00e1s kontaktujete, nap\u0159. prost\u0159ednictv\u00edm kontaktn\u00edho formul\u00e1\u0159e nebo messengeru. Kter\u00e9 \u00fadaje shroma\u017e\u010fujeme, kdy\u017e n\u00e1s kontaktujete prost\u0159ednictv\u00edm kontaktn\u00edho formul\u00e1\u0159e, zjist\u00edte z p\u0159\u00edslu\u0161n\u00e9ho kontaktn\u00edho formul\u00e1\u0159e. Tyto \u00fadaje jsou uchov\u00e1v\u00e1ny a pou\u017e\u00edv\u00e1ny v\u00fdhradn\u011b pro \u00fa\u010dely odpov\u011bdi na v\u00e1\u0161 dotaz nebo pro kontaktov\u00e1n\u00ed a souvisej\u00edc\u00ed technickou spr\u00e1vu. Pr\u00e1vn\u00edm z\u00e1kladem pro zpracov\u00e1n\u00ed \u00fadaj\u016f je n\u00e1\u0161 opr\u00e1vn\u011bn\u00fd z\u00e1jem na zodpov\u011bzen\u00ed va\u0161eho dotazu v souladu s \u010dl. 6 odst. 1 p\u00edsm. f GDPR. Pokud je c\u00edlem va\u0161eho kontaktu uzav\u0159en\u00ed smlouvy, je dal\u0161\u00edm pr\u00e1vn\u00edm z\u00e1kladem pro zpracov\u00e1n\u00ed \u010dl. 6 odst. 1 p\u00edsm. b GDPR. Va\u0161e \u00fadaje budou vymaz\u00e1ny po kone\u010dn\u00e9m zpracov\u00e1n\u00ed va\u0161eho dotazu, pokud neexistuje z\u00e1konn\u00e1 povinnost uchov\u00e1v\u00e1n\u00ed \u00fadaj\u016f, kter\u00e1 by tomu br\u00e1nila. P\u0159edpokl\u00e1d\u00e1me, \u017ee zpracov\u00e1n\u00ed je ukon\u010deno, pokud lze z okolnost\u00ed vyvodit, \u017ee dan\u00e1 z\u00e1le\u017eitost byla s kone\u010dnou platnost\u00ed vyjasn\u011bna.<\/p>\n<h2>4) Pr\u00e1va subjektu \u00fadaj\u016f<\/h2>\n<p><b>4.1<\/b>\u00a0Platn\u00fd z\u00e1kon o ochran\u011b osobn\u00edch \u00fadaj\u016f v\u00e1m p\u0159izn\u00e1v\u00e1 rozs\u00e1hl\u00e1 pr\u00e1va subjektu \u00fadaj\u016f (pr\u00e1vo na p\u0159\u00edstup a z\u00e1sah) v\u016f\u010di spr\u00e1vci v souvislosti se zpracov\u00e1n\u00edm va\u0161ich osobn\u00edch \u00fadaj\u016f, o kter\u00fdch v\u00e1s informujeme n\u00ed\u017ee:<\/p>\n<ul>\n<li>Pr\u00e1vo na informace podle \u010dl. 15 GDPR;<\/li>\n<li>Pr\u00e1vo na opravu podle \u010dl. 16 GDPR;<\/li>\n<li>Pr\u00e1vo na v\u00fdmaz podle \u010dl. 17 GDPR;<\/li>\n<li>Pr\u00e1vo na omezen\u00ed zpracov\u00e1n\u00ed podle \u010dl. 18 GDPR;<\/li>\n<li>Pr\u00e1vo na informace podle \u010dl. 19 GDPR;<\/li>\n<li>Pr\u00e1vo na p\u0159enositelnost \u00fadaj\u016f podle \u010dl. 20 GDPR;<\/li>\n<li>Pr\u00e1vo na odvol\u00e1n\u00ed souhlasu ud\u011blen\u00e9 podle \u010dl. 7 odst. 3 GDPR;<\/li>\n<li>Pr\u00e1vo podat st\u00ed\u017enost podle \u010dl. 77 GDPR.<\/li>\n<\/ul>\n<p><b>4.2<\/b>\u00a0PR\u00c1VO NA N\u00c1MITKU<\/p>\n<p>POKUD ZPRACOV\u00c1V\u00c1ME VA\u0160E OSOBN\u00cd \u00daDAJE V R\u00c1MCI VYVA\u017dOV\u00c1N\u00cd Z\u00c1JM\u016e NA Z\u00c1KLAD\u011a NA\u0160EHO P\u0158EVA\u017dUJ\u00cdC\u00cdHO OPR\u00c1VN\u011aN\u00c9HO Z\u00c1JMU, M\u00c1TE PR\u00c1VO KDYKOLI VZN\u00c9ST N\u00c1MITKU PROTI TOMUTO ZPRACOV\u00c1N\u00cd S \u00da\u010cINKEM DO BUDOUCNA Z D\u016eVOD\u016e T\u00ddKAJ\u00cdC\u00cdCH SE VA\u0160\u00cd KONKR\u00c9TN\u00cd SITUACE.<\/p>\n<p>POKUD VYU\u017dIJETE SV\u00c9HO PR\u00c1VA VZN\u00c9ST N\u00c1MITKU, P\u0158ESTANEME P\u0158\u00cdSLU\u0160N\u00c9 \u00daDAJE ZPRACOV\u00c1VAT. VYHRAZUJEME SI V\u0160AK PR\u00c1VO POKRA\u010cOVAT VE ZPRACOV\u00c1N\u00cd, POKUD PROK\u00c1\u017dEME Z\u00c1VA\u017dN\u00c9 OPR\u00c1VN\u011aN\u00c9 D\u016eVODY PRO ZPRACOV\u00c1N\u00cd, KTER\u00c9 P\u0158EVA\u017dUJ\u00cd NAD VA\u0160IMI Z\u00c1JMY, Z\u00c1KLADN\u00cdMI PR\u00c1VY A SVOBODAMI, NEBO POKUD ZPRACOV\u00c1N\u00cd SLOU\u017d\u00cd K UR\u010cEN\u00cd, V\u00ddKONU NEBO OBHAJOB\u011a PR\u00c1VN\u00cdCH N\u00c1ROK\u016e.<\/p>\n<p>POKUD VA\u0160E OSOBN\u00cd \u00daDAJE ZPRACOV\u00c1V\u00c1ME ZA \u00da\u010cELEM P\u0158\u00cdM\u00c9HO MARKETINGU, M\u00c1TE PR\u00c1VO KDYKOLI VZN\u00c9ST N\u00c1MITKU PROTI ZPRACOV\u00c1N\u00cd OSOBN\u00cdCH \u00daDAJ\u016e, KTER\u00c9 SE V\u00c1S T\u00ddKAJ\u00cd, ZA \u00da\u010cELEM TAKOV\u00c9HO MARKETINGU. N\u00c1MITKU M\u016e\u017dETE UPLATNIT ZP\u016eSOBEM POPSAN\u00ddM V\u00dd\u0160E.<\/p>\n<p>POKUD VYU\u017dIJETE SV\u00c9HO PR\u00c1VA VZN\u00c9ST N\u00c1MITKU, P\u0158ESTANEME ZPRACOV\u00c1VAT P\u0158\u00cdSLU\u0160N\u00c9 \u00daDAJE PRO \u00da\u010cELY P\u0158\u00cdM\u00c9HO MARKETINGU.<\/p>\n<h2>5) Doba uchov\u00e1v\u00e1n\u00ed osobn\u00edch \u00fadaj\u016f<\/h2>\n<p>Doba uchov\u00e1v\u00e1n\u00ed osobn\u00edch \u00fadaj\u016f se \u0159\u00edd\u00ed p\u0159\u00edslu\u0161n\u00fdm pr\u00e1vn\u00edm z\u00e1kladem, \u00fa\u010delem zpracov\u00e1n\u00ed a p\u0159\u00edpadn\u011b tak\u00e9 p\u0159\u00edslu\u0161nou z\u00e1konnou lh\u016ftou pro uchov\u00e1v\u00e1n\u00ed (nap\u0159. lh\u016fty pro uchov\u00e1v\u00e1n\u00ed podle obchodn\u00edho a da\u0148ov\u00e9ho pr\u00e1va).<\/p>\n<p>P\u0159i zpracov\u00e1n\u00ed osobn\u00edch \u00fadaj\u016f na z\u00e1klad\u011b v\u00fdslovn\u00e9ho souhlasu podle \u010dl. 6 odst. 1 p\u00edsm. a) GDPR budou p\u0159\u00edslu\u0161n\u00e9 \u00fadaje uchov\u00e1v\u00e1ny, dokud sv\u016fj souhlas neodvol\u00e1te.<\/p>\n<p>Pokud existuj\u00ed z\u00e1konn\u00e9 lh\u016fty pro uchov\u00e1v\u00e1n\u00ed \u00fadaj\u016f, kter\u00e9 jsou zpracov\u00e1v\u00e1ny v r\u00e1mci z\u00e1konn\u00fdch nebo podobn\u00fdch povinnost\u00ed na z\u00e1klad\u011b \u010dl. 6 odst. 1 p\u00edsm. b GDPR, budou tyto \u00fadaje po uplynut\u00ed lh\u016ft pro uchov\u00e1v\u00e1n\u00ed b\u011b\u017en\u011b vymaz\u00e1ny, pokud ji\u017e nejsou pot\u0159ebn\u00e9 pro pln\u011bn\u00ed smlouvy nebo zah\u00e1jen\u00ed smlouvy a\/nebo pokud ji\u017e nem\u00e1me opr\u00e1vn\u011bn\u00fd z\u00e1jem na dal\u0161\u00edm uchov\u00e1v\u00e1n\u00ed.<\/p>\n<p>P\u0159i zpracov\u00e1n\u00ed osobn\u00edch \u00fadaj\u016f na z\u00e1klad\u011b \u010dl. 6 odst. 1 p\u00edsm. f GDPR budou tyto \u00fadaje uchov\u00e1v\u00e1ny, dokud neuplatn\u00edte sv\u00e9 pr\u00e1vo vzn\u00e9st n\u00e1mitku podle \u010dl. 21 odst. 1 GDPR, pokud neprok\u00e1\u017eeme z\u00e1va\u017en\u00e9 opr\u00e1vn\u011bn\u00e9 d\u016fvody pro zpracov\u00e1n\u00ed, kter\u00e9 p\u0159eva\u017euj\u00ed nad va\u0161imi z\u00e1jmy, pr\u00e1vy a svobodami, nebo pokud zpracov\u00e1n\u00ed neslou\u017e\u00ed k ur\u010den\u00ed, v\u00fdkonu nebo obhajob\u011b pr\u00e1vn\u00edch n\u00e1rok\u016f.<\/p>\n<p>P\u0159i zpracov\u00e1n\u00ed osobn\u00edch \u00fadaj\u016f za \u00fa\u010delem p\u0159\u00edm\u00e9ho marketingu na z\u00e1klad\u011b \u010dl. 6 odst. 1 p\u00edsm. f GDPR jsou tyto \u00fadaje uchov\u00e1v\u00e1ny, dokud neuplatn\u00edte pr\u00e1vo vzn\u00e9st n\u00e1mitku podle \u010dl. 21 odst. 2 GDPR.<\/p>\n<p>Pokud nen\u00ed v dal\u0161\u00edch informac\u00edch v tomto prohl\u00e1\u0161en\u00ed o konkr\u00e9tn\u00edch situac\u00edch zpracov\u00e1n\u00ed uvedeno jinak, ulo\u017een\u00e9 osobn\u00ed \u00fadaje se vyma\u017eou, pokud ji\u017e nejsou pot\u0159ebn\u00e9 pro \u00fa\u010dely, pro kter\u00e9 byly shrom\u00e1\u017ed\u011bny nebo jinak zpracov\u00e1ny.<\/p>\n<\/div>\n<div id=\"itkanzlei_txt_copyright\">\n<div><a href=\"https:\/\/www.it-recht-kanzlei.de\/\" target=\"_blank\" rel=\"noopener\"><img decoding=\"async\" id=\"itkanzlei_img_copyright\" title=\"IT advok\u00e1tn\u00ed kancel\u00e1\u0159\" src=\"https:\/\/www.it-recht-kanzlei.de\/logo\/Copyright-Logo_Datenschutzerklaerung.png?i=52e98-3961a-39c8-907e-1\" alt=\"\u00a9 IT-Recht Kanzlei\" \/><\/a><\/div>\n<\/div>\n<\/div>\n<\/div>","protected":false},"excerpt":{"rendered":"<p>Impressum PTM mechatronics GmbH Gewerbepark 1 82281 Egenhofen Deutschland Tel.: 08134257970 E-Mail: info@ptm-mechatronics.com Registergericht: Amtsgericht m\u00fcnchen Registernummer: HRB 84593 Gesch\u00e4ftsf\u00fchrer: Carsten Angermeyer Informationen zum Datenschutz 1) Information \u00fcber die Erhebung personenbezogener Daten und Kontaktdaten des Verantwortlichen 1.1\u00a0Im Folgenden informieren wir Sie \u00fcber den Umgang mit Ihren personenbezogenen Daten. Hierbei sind personenbezogene Daten alle Daten, mit [&#8230;]\n","protected":false},"author":5,"featured_media":0,"parent":0,"menu_order":0,"comment_status":"closed","ping_status":"closed","template":"","meta":{"_acf_changed":false,"footnotes":""},"class_list":["post-13487","page","type-page","status-publish","hentry"],"acf":[],"_links":{"self":[{"href":"https:\/\/ptm-mechatronics.com\/cs\/wp-json\/wp\/v2\/pages\/13487","targetHints":{"allow":["GET"]}}],"collection":[{"href":"https:\/\/ptm-mechatronics.com\/cs\/wp-json\/wp\/v2\/pages"}],"about":[{"href":"https:\/\/ptm-mechatronics.com\/cs\/wp-json\/wp\/v2\/types\/page"}],"author":[{"embeddable":true,"href":"https:\/\/ptm-mechatronics.com\/cs\/wp-json\/wp\/v2\/users\/5"}],"replies":[{"embeddable":true,"href":"https:\/\/ptm-mechatronics.com\/cs\/wp-json\/wp\/v2\/comments?post=13487"}],"version-history":[{"count":3,"href":"https:\/\/ptm-mechatronics.com\/cs\/wp-json\/wp\/v2\/pages\/13487\/revisions"}],"predecessor-version":[{"id":13490,"href":"https:\/\/ptm-mechatronics.com\/cs\/wp-json\/wp\/v2\/pages\/13487\/revisions\/13490"}],"wp:attachment":[{"href":"https:\/\/ptm-mechatronics.com\/cs\/wp-json\/wp\/v2\/media?parent=13487"}],"curies":[{"name":"wp","href":"https:\/\/api.w.org\/{rel}","templated":true}]}}